{"id":1158,"date":"2025-11-06T13:51:58","date_gmt":"2025-11-06T13:51:58","guid":{"rendered":"https:\/\/syltfoundation.com\/?page_id=1158"},"modified":"2025-11-14T08:42:41","modified_gmt":"2025-11-14T08:42:41","slug":"programmuebersicht","status":"publish","type":"page","link":"https:\/\/syltfoundation.com\/?page_id=1158","title":{"rendered":"Programmuebersicht"},"content":{"rendered":"\t\t<div data-elementor-type=\"wp-page\" data-elementor-id=\"1158\" class=\"elementor elementor-1158\" data-elementor-post-type=\"page\">\n\t\t\t\t<div class=\"elementor-element elementor-element-7a73c89 e-con-full e-flex e-con e-parent\" data-id=\"7a73c89\" data-element_type=\"container\">\n\t\t<div class=\"elementor-element elementor-element-2cf6625a e-con-full e-flex e-con e-child\" data-id=\"2cf6625a\" data-element_type=\"container\" data-settings=\"{&quot;background_background&quot;:&quot;classic&quot;}\">\n\t\t<div class=\"elementor-element elementor-element-215fc25e e-con-full e-flex e-con e-child\" data-id=\"215fc25e\" data-element_type=\"container\">\n\t\t<div class=\"elementor-element elementor-element-5d7ec714 e-con-full e-flex e-con e-child\" data-id=\"5d7ec714\" data-element_type=\"container\">\n\t\t\t\t<div class=\"elementor-element elementor-element-9ca29f0 elementor-widget elementor-widget-heading\" data-id=\"9ca29f0\" data-element_type=\"widget\" data-widget_type=\"heading.default\">\n\t\t\t\t\t<h1 class=\"elementor-heading-title elementor-size-default\">Nachbarschaften <br>\nin Zeit und Raum.<\/h1>\t\t\t\t<\/div>\n\t\t\t\t<\/div>\n\t\t<div class=\"elementor-element elementor-element-4fed28cc e-con-full e-flex e-con e-child\" data-id=\"4fed28cc\" data-element_type=\"container\">\n\t\t\t\t<div class=\"elementor-element elementor-element-6e51750e elementor-align-left elementor-widget__width-auto elementor-widget elementor-widget-button\" data-id=\"6e51750e\" data-element_type=\"widget\" data-widget_type=\"button.default\">\n\t\t\t\t\t\t\t\t\t\t<a class=\"elementor-button elementor-button-link elementor-size-sm\" href=\"#elementor-action%3Aaction%3Dpopup%3Aopen%26settings%3DeyJpZCI6Ijc2OSIsInRvZ2dsZSI6ZmFsc2V9\">\n\t\t\t\t\t\t<span class=\"elementor-button-content-wrapper\">\n\t\t\t\t\t\t\t\t\t<span class=\"elementor-button-text\">Jetzt unterst\u00fctzen<\/span>\n\t\t\t\t\t<\/span>\n\t\t\t\t\t<\/a>\n\t\t\t\t\t\t\t\t<\/div>\n\t\t\t\t<\/div>\n\t\t\t\t<\/div>\n\t\t\t\t<\/div>\n\t\t<div class=\"elementor-element elementor-element-d88c54d e-con-full e-flex e-con e-child\" data-id=\"d88c54d\" data-element_type=\"container\">\n\t\t<div class=\"elementor-element elementor-element-ebb260b e-con-full e-flex e-con e-child\" data-id=\"ebb260b\" data-element_type=\"container\">\n\t\t\t\t<div class=\"elementor-element elementor-element-881b181 elementor-widget__width-auto elementor-widget elementor-widget-heading\" data-id=\"881b181\" data-element_type=\"widget\" data-widget_type=\"heading.default\">\n\t\t\t\t\t<h2 class=\"elementor-heading-title elementor-size-default\">Freitag,  21.11.25\n<p>\n(Sylt quelle)<\/h2>\t\t\t\t<\/div>\n\t\t<div class=\"elementor-element elementor-element-d5f8a82 e-con-full e-flex e-con e-child\" data-id=\"d5f8a82\" data-element_type=\"container\">\n\t\t<div class=\"elementor-element elementor-element-f46284c e-con-full e-flex e-con e-child\" data-id=\"f46284c\" data-element_type=\"container\">\n\t\t\t\t<div class=\"elementor-element elementor-element-f846705 elementor-widget__width-auto elementor-widget elementor-widget-heading\" data-id=\"f846705\" data-element_type=\"widget\" data-widget_type=\"heading.default\">\n\t\t\t\t\t<h2 class=\"elementor-heading-title elementor-size-default\">10:00 - 13:00 Uhr\nWorkshop I\n \n<\/h2>\t\t\t\t<\/div>\n\t\t\t\t<\/div>\n\t\t<div class=\"elementor-element elementor-element-fe650f0 e-con-full e-flex e-con e-child\" data-id=\"fe650f0\" data-element_type=\"container\">\n\t\t\t\t<div class=\"elementor-element elementor-element-351f58d elementor-widget elementor-widget-text-editor\" data-id=\"351f58d\" data-element_type=\"widget\" data-widget_type=\"text-editor.default\">\n\t\t\t\t\t\t\t\t\t<div class=\"page\" title=\"Page 1\"><p><strong>Geschichte(n) der Nachbarschaft <\/strong><\/p><p>Moderation: <em>Hans-J\u00fcrgen B\u00f6melburg &amp; Indra Wussow<\/em><\/p><\/div>\t\t\t\t\t\t\t\t<\/div>\n\t\t\t\t<div class=\"elementor-element elementor-element-f5c494a elementor-widget elementor-widget-text-editor\" data-id=\"f5c494a\" data-element_type=\"widget\" data-widget_type=\"text-editor.default\">\n\t\t\t\t\t\t\t\t\t<p>Wir n\u00e4hern uns gemeinsam den Themen\u00a0<em>Nachbarschaft, Erinnerung <\/em>und<em> Zugeh\u00f6rigkeit<\/em>\u00a0mit Beitr\u00e4gen aus Geschichte, Literatur, kuratorischer Praxis und deutschen, polnischen und j\u00fcdischen Erinnerungskulturen.<\/p>\t\t\t\t\t\t\t\t<\/div>\n\t\t\t\t<\/div>\n\t\t\t\t<\/div>\n\t\t<div class=\"elementor-element elementor-element-f7008de e-con-full e-flex e-con e-child\" data-id=\"f7008de\" data-element_type=\"container\">\n\t\t<div class=\"elementor-element elementor-element-9553620 e-con-full e-flex e-con e-child\" data-id=\"9553620\" data-element_type=\"container\">\n\t\t\t\t<div class=\"elementor-element elementor-element-c88e09b elementor-widget__width-auto elementor-widget elementor-widget-heading\" data-id=\"c88e09b\" data-element_type=\"widget\" data-widget_type=\"heading.default\">\n\t\t\t\t\t<h2 class=\"elementor-heading-title elementor-size-default\">16:00 - 17:00 Uhr\n\n<\/h2>\t\t\t\t<\/div>\n\t\t\t\t<\/div>\n\t\t<div class=\"elementor-element elementor-element-196a4e7 e-con-full e-flex e-con e-child\" data-id=\"196a4e7\" data-element_type=\"container\">\n\t\t\t\t<div class=\"elementor-element elementor-element-c549eea elementor-widget elementor-widget-text-editor\" data-id=\"c549eea\" data-element_type=\"widget\" data-widget_type=\"text-editor.default\">\n\t\t\t\t\t\t\t\t\t<div class=\"page\" title=\"Page 1\"><div class=\"layoutArea\"><div class=\"column\"><p><strong>Ererbte Einsamkeit \u2013 Wie Geschichte in uns weiterlebt<\/strong><\/p><p><em>Ein Gespr\u00e4ch zwischen Indra Wussow und Ina Wolf-Bauwens<\/em><\/p><\/div><\/div><\/div>\t\t\t\t\t\t\t\t<\/div>\n\t\t\t\t<div class=\"elementor-element elementor-element-e79cb06 elementor-widget elementor-widget-text-editor\" data-id=\"e79cb06\" data-element_type=\"widget\" data-widget_type=\"text-editor.default\">\n\t\t\t\t\t\t\t\t\t<p>Einsamkeit ist nicht nur individuell. Sie kann auch ererbt sein als ein Echo historischer Traumata, die zwischen Polen und Deutschen, zwischen Generationen und Erinnerungen fortwirken.<br \/>Die Historikerin und Kuratorin\u00a0Indra Wussow und die Psychotherapeutin Ina Wolf-Bauwens sprechen \u00fcber Einsamkeit als Folge von Schweigen, Verlust und Schuld und dar\u00fcber, wie Begegnung und Gespr\u00e4ch Heilung erm\u00f6glichen k\u00f6nnen.<\/p>\t\t\t\t\t\t\t\t<\/div>\n\t\t\t\t<\/div>\n\t\t\t\t<\/div>\n\t\t\t\t<\/div>\n\t\t\t\t<\/div>\n\t\t<div class=\"elementor-element elementor-element-e93f10d e-con-full e-flex e-con e-child\" data-id=\"e93f10d\" data-element_type=\"container\">\n\t\t<div class=\"elementor-element elementor-element-4d8fdc4 e-con-full e-flex e-con e-child\" data-id=\"4d8fdc4\" data-element_type=\"container\">\n\t\t\t\t<div class=\"elementor-element elementor-element-5986bd3 elementor-widget__width-auto elementor-widget elementor-widget-heading\" data-id=\"5986bd3\" data-element_type=\"widget\" data-widget_type=\"heading.default\">\n\t\t\t\t\t<h2 class=\"elementor-heading-title elementor-size-default\">Samstag,  22.11.25\n<p>\n(sylt quelle)<\/h2>\t\t\t\t<\/div>\n\t\t<div class=\"elementor-element elementor-element-be1b1d2 e-con-full e-flex e-con e-child\" data-id=\"be1b1d2\" data-element_type=\"container\">\n\t\t<div class=\"elementor-element elementor-element-7592ed5 e-con-full e-flex e-con e-child\" data-id=\"7592ed5\" data-element_type=\"container\">\n\t\t\t\t<div class=\"elementor-element elementor-element-23e6ddf elementor-widget__width-auto elementor-widget elementor-widget-heading\" data-id=\"23e6ddf\" data-element_type=\"widget\" data-widget_type=\"heading.default\">\n\t\t\t\t\t<h2 class=\"elementor-heading-title elementor-size-default\">10:00 - 13:00 Uhr\nWorkshop II\n \n<\/h2>\t\t\t\t<\/div>\n\t\t\t\t<\/div>\n\t\t<div class=\"elementor-element elementor-element-2b8a4e5 e-con-full e-flex e-con e-child\" data-id=\"2b8a4e5\" data-element_type=\"container\">\n\t\t\t\t<div class=\"elementor-element elementor-element-fed7b1a elementor-widget elementor-widget-text-editor\" data-id=\"fed7b1a\" data-element_type=\"widget\" data-widget_type=\"text-editor.default\">\n\t\t\t\t\t\t\t\t\t<div class=\"page\" title=\"Page 1\"><p><strong>Erz\u00e4hlte Erinnerungen \u2013 Literatur als Begegnungsraum<\/strong><\/p><p>Moderation: <em>Artur Becker &amp; Silke Pasewalck<\/em><\/p><\/div>\t\t\t\t\t\t\t\t<\/div>\n\t\t\t\t<div class=\"elementor-element elementor-element-eca5ea9 elementor-widget elementor-widget-text-editor\" data-id=\"eca5ea9\" data-element_type=\"widget\" data-widget_type=\"text-editor.default\">\n\t\t\t\t\t\t\t\t\t<p>Wie macht Literatur Erinnerung und Geschichte erfahrbar? \u00dcber welche Formen des Erz\u00e4hlens, des Zuh\u00f6rens und des \u00dcbersetzens zwischen Archiv und Fiktion, zwischen Zeiten, Sprachen und Perspektiven entstehen neue Begegnungsr\u00e4ume?<\/p>\t\t\t\t\t\t\t\t<\/div>\n\t\t\t\t<\/div>\n\t\t\t\t<\/div>\n\t\t<div class=\"elementor-element elementor-element-234882c e-con-full e-flex e-con e-child\" data-id=\"234882c\" data-element_type=\"container\">\n\t\t<div class=\"elementor-element elementor-element-cc5ec53 e-con-full e-flex e-con e-child\" data-id=\"cc5ec53\" data-element_type=\"container\">\n\t\t\t\t<div class=\"elementor-element elementor-element-3f93315 elementor-widget__width-auto elementor-widget elementor-widget-heading\" data-id=\"3f93315\" data-element_type=\"widget\" data-widget_type=\"heading.default\">\n\t\t\t\t\t<h2 class=\"elementor-heading-title elementor-size-default\">16:00 - 17:00 Uhr\n\n<\/h2>\t\t\t\t<\/div>\n\t\t\t\t<\/div>\n\t\t<div class=\"elementor-element elementor-element-64abd3c e-con-full e-flex e-con e-child\" data-id=\"64abd3c\" data-element_type=\"container\">\n\t\t\t\t<div class=\"elementor-element elementor-element-22657eb elementor-widget elementor-widget-text-editor\" data-id=\"22657eb\" data-element_type=\"widget\" data-widget_type=\"text-editor.default\">\n\t\t\t\t\t\t\t\t\t<div class=\"page\" title=\"Page 1\"><div class=\"layoutArea\"><div class=\"column\"><p><strong>Zerissene Herkunft und gemeinsame Erinnerungsr\u00e4ume<\/strong><\/p><p><em>Ein Gespr\u00e4ch zwischen Tali Nates und Indra Wussow<\/em><\/p><\/div><\/div><\/div>\t\t\t\t\t\t\t\t<\/div>\n\t\t\t\t<div class=\"elementor-element elementor-element-79e225e elementor-widget elementor-widget-text-editor\" data-id=\"79e225e\" data-element_type=\"widget\" data-widget_type=\"text-editor.default\">\n\t\t\t\t\t\t\t\t\t<p>Zwischen Polen, Israel, Deutschland und S\u00fcdafrika verlaufen Lebenswege, die von Gewalt, Verlust und Weitertragen gepr\u00e4gt sind. In Tali Nates\u2019 Familie f\u00fchrte die Shoah zur Flucht aus Polen und zu einem Neubeginn in Israel; ihre heutige Arbeit in S\u00fcdafrika verbindet Erinnerung mit F\u00fcrsorge und Verantwortung.<br \/>In Indra Wussows Familie steht die Geschichte der Umsiedlung nach \u0141\u00f3d\u017a w\u00e4hrend der deutschen Besatzung: eine Spur, die Fragen an das eigene Erbe, an Schuld, Schweigen und Weitererz\u00e4hlen stellt.<\/p><p>Im Gespr\u00e4ch \u00f6ffnen sich R\u00e4ume f\u00fcr ein intergenerationales Erinnern, das nicht vers\u00f6hnt, sondern sichtbar macht und damit Beziehung und gemeinsames Weiterdenken erm\u00f6glicht.<\/p>\t\t\t\t\t\t\t\t<\/div>\n\t\t\t\t<\/div>\n\t\t\t\t<\/div>\n\t\t<div class=\"elementor-element elementor-element-fc98243 e-con-full e-flex e-con e-child\" data-id=\"fc98243\" data-element_type=\"container\">\n\t\t<div class=\"elementor-element elementor-element-d1ba250 e-con-full e-flex e-con e-child\" data-id=\"d1ba250\" data-element_type=\"container\">\n\t\t\t\t<div class=\"elementor-element elementor-element-cb8b838 elementor-widget__width-auto elementor-widget elementor-widget-heading\" data-id=\"cb8b838\" data-element_type=\"widget\" data-widget_type=\"heading.default\">\n\t\t\t\t\t<h2 class=\"elementor-heading-title elementor-size-default\">19:00 Uhr <br>\nLesung<\/h2>\t\t\t\t<\/div>\n\t\t\t\t<\/div>\n\t\t<div class=\"elementor-element elementor-element-62eec98 e-con-full e-flex e-con e-child\" data-id=\"62eec98\" data-element_type=\"container\">\n\t\t\t\t<div class=\"elementor-element elementor-element-910d187 elementor-widget elementor-widget-text-editor\" data-id=\"910d187\" data-element_type=\"widget\" data-widget_type=\"text-editor.default\">\n\t\t\t\t\t\t\t\t\t<div class=\"page\" title=\"Page 1\"><div class=\"layoutArea\"><div class=\"column\"><p><strong>\u00d6ffentliche Lesung <br \/>Zwischen Erinnerung und Erz\u00e4hlen:<br \/>Polen und Deutschland in der Literatur<\/strong><\/p><p>Moderation:\u00a0<em>Silke Behl<\/em><\/p><\/div><\/div><\/div>\t\t\t\t\t\t\t\t<\/div>\n\t\t\t\t<div class=\"elementor-element elementor-element-22c088d elementor-widget elementor-widget-text-editor\" data-id=\"22c088d\" data-element_type=\"widget\" data-widget_type=\"text-editor.default\">\n\t\t\t\t\t\t\t\t\t\n<p data-olk-copy-source=\"MessageBody\">F\u00fcnf starke literarische Stimmen beleuchten die deutsch-polnische Nachbarschaft zwischen Erinnerung, Erfahrung und Zukunft.<\/p>\nFred Apke,\u00a0Artur<i>\u00a0<\/i>Becker, Karolina Kuszyk, Mia Raben und Enrique<i>\u00a0<\/i>Winter<\/blockquote>\n<\/div>\n\t\t\t\t\t\t\t\t<\/div>\n\t\t\t\t<\/div>\n\t\t\t\t<\/div>\n\t\t\t\t<\/div>\n\t\t\t\t<\/div>\n\t\t\t\t<\/div>\n\t\t\t\t<\/div>\n\t\t","protected":false},"excerpt":{"rendered":"<p>Nachbarschaften in Zeit und Raum. Jetzt unterst\u00fctzen Freitag, 21.11.25 (Sylt quelle) 10:00 &#8211; 13:00 Uhr Workshop I Geschichte(n) der Nachbarschaft Moderation: Hans-J\u00fcrgen B\u00f6melburg &amp; Indra Wussow Wir n\u00e4hern uns gemeinsam den Themen\u00a0Nachbarschaft, Erinnerung und Zugeh\u00f6rigkeit\u00a0mit Beitr\u00e4gen aus Geschichte, Literatur, kuratorischer Praxis und deutschen, polnischen und j\u00fcdischen Erinnerungskulturen. 16:00 &#8211; 17:00 Uhr Ererbte Einsamkeit \u2013 Wie [&hellip;]<\/p>\n","protected":false},"author":1,"featured_media":0,"parent":0,"menu_order":0,"comment_status":"closed","ping_status":"closed","template":"","meta":{"footnotes":""},"class_list":["post-1158","page","type-page","status-publish","hentry"],"_links":{"self":[{"href":"https:\/\/syltfoundation.com\/index.php?rest_route=\/wp\/v2\/pages\/1158","targetHints":{"allow":["GET"]}}],"collection":[{"href":"https:\/\/syltfoundation.com\/index.php?rest_route=\/wp\/v2\/pages"}],"about":[{"href":"https:\/\/syltfoundation.com\/index.php?rest_route=\/wp\/v2\/types\/page"}],"author":[{"embeddable":true,"href":"https:\/\/syltfoundation.com\/index.php?rest_route=\/wp\/v2\/users\/1"}],"replies":[{"embeddable":true,"href":"https:\/\/syltfoundation.com\/index.php?rest_route=%2Fwp%2Fv2%2Fcomments&post=1158"}],"version-history":[{"count":116,"href":"https:\/\/syltfoundation.com\/index.php?rest_route=\/wp\/v2\/pages\/1158\/revisions"}],"predecessor-version":[{"id":1295,"href":"https:\/\/syltfoundation.com\/index.php?rest_route=\/wp\/v2\/pages\/1158\/revisions\/1295"}],"wp:attachment":[{"href":"https:\/\/syltfoundation.com\/index.php?rest_route=%2Fwp%2Fv2%2Fmedia&parent=1158"}],"curies":[{"name":"wp","href":"https:\/\/api.w.org\/{rel}","templated":true}]}}